{"id":1482,"date":"2020-05-30T15:07:27","date_gmt":"2020-05-30T15:07:27","guid":{"rendered":"https:\/\/lyceemermoz.edu.ar\/v5\/?page_id=1482"},"modified":"2026-04-21T12:17:24","modified_gmt":"2026-04-21T12:17:24","slug":"le-mot-du-proviseur","status":"publish","type":"page","link":"https:\/\/lyceemermoz.edu.ar\/v5\/letablissement\/le-mot-du-proviseur\/","title":{"rendered":"LE MOT DE LA PROVISEURE"},"content":{"rendered":"\t\t<div data-elementor-type=\"wp-page\" data-elementor-id=\"1482\" class=\"elementor elementor-1482\" data-elementor-post-type=\"page\">\n\t\t\t\t\t\t<section class=\"elementor-section elementor-top-section elementor-element elementor-element-5c394d1 elementor-section-full_width elementor-section-height-default elementor-section-height-default\" data-id=\"5c394d1\" data-element_type=\"section\" data-e-type=\"section\" data-settings=\"{&quot;background_background&quot;:&quot;classic&quot;}\">\n\t\t\t\t\t\t<div class=\"elementor-container elementor-column-gap-default\">\n\t\t\t\t\t<div class=\"elementor-column elementor-col-100 elementor-top-column elementor-element elementor-element-60d8f29\" data-id=\"60d8f29\" data-element_type=\"column\" data-e-type=\"column\" data-settings=\"{&quot;background_background&quot;:&quot;classic&quot;}\">\n\t\t\t<div class=\"elementor-widget-wrap elementor-element-populated\">\n\t\t\t\t\t\t<section class=\"elementor-section elementor-inner-section elementor-element elementor-element-921c713 elementor-section-boxed elementor-section-height-default elementor-section-height-default\" data-id=\"921c713\" data-element_type=\"section\" data-e-type=\"section\">\n\t\t\t\t\t\t<div class=\"elementor-container elementor-column-gap-default\">\n\t\t\t\t\t<div class=\"elementor-column elementor-col-50 elementor-inner-column elementor-element elementor-element-a49fb5e\" data-id=\"a49fb5e\" data-element_type=\"column\" data-e-type=\"column\">\n\t\t\t<div class=\"elementor-widget-wrap elementor-element-populated\">\n\t\t\t\t\t\t<div class=\"elementor-element elementor-element-12459da elementor-widget__width-initial elementor-headline--style-highlight elementor-widget elementor-widget-animated-headline\" data-id=\"12459da\" data-element_type=\"widget\" data-e-type=\"widget\" data-settings=\"{&quot;marker&quot;:&quot;underline&quot;,&quot;highlighted_text&quot;:&quot;la proviseure&quot;,&quot;highlight_iteration_delay&quot;:4000,&quot;headline_style&quot;:&quot;highlight&quot;,&quot;loop&quot;:&quot;yes&quot;,&quot;highlight_animation_duration&quot;:1200}\" data-widget_type=\"animated-headline.default\">\n\t\t\t\t\t\t\t<h1 class=\"elementor-headline\">\n\t\t\t\t\t<span class=\"elementor-headline-plain-text elementor-headline-text-wrapper\">Le mot de<\/span>\n\t\t\t\t<span class=\"elementor-headline-dynamic-wrapper elementor-headline-text-wrapper\">\n\t\t\t\t\t<span class=\"elementor-headline-dynamic-text elementor-headline-text-active\">la proviseure<\/span>\n\t\t\t\t<\/span>\n\t\t\t\t<\/h1>\n\t\t\t\t\t\t<\/div>\n\t\t\t\t\t<\/div>\n\t\t<\/div>\n\t\t\t\t<div class=\"elementor-column elementor-col-50 elementor-inner-column elementor-element elementor-element-41a0723\" data-id=\"41a0723\" data-element_type=\"column\" data-e-type=\"column\">\n\t\t\t<div class=\"elementor-widget-wrap elementor-element-populated\">\n\t\t\t\t\t\t<div class=\"elementor-element elementor-element-e69a120 elementor-widget elementor-widget-image\" data-id=\"e69a120\" data-element_type=\"widget\" data-e-type=\"widget\" data-widget_type=\"image.default\">\n\t\t\t\t\t\t\t\t\t\t\t\t\t\t\t<img fetchpriority=\"high\" decoding=\"async\" width=\"300\" height=\"300\" src=\"https:\/\/lyceemermoz.edu.ar\/v5\/wp-content\/uploads\/cropped-logo-removebg-preview-300x300.png\" class=\"attachment-medium size-medium wp-image-25222\" alt=\"favicon\" srcset=\"https:\/\/lyceemermoz.edu.ar\/v5\/wp-content\/uploads\/cropped-logo-removebg-preview-300x300.png 300w, https:\/\/lyceemermoz.edu.ar\/v5\/wp-content\/uploads\/cropped-logo-removebg-preview-150x150.png 150w, https:\/\/lyceemermoz.edu.ar\/v5\/wp-content\/uploads\/cropped-logo-removebg-preview-24x24.png 24w, https:\/\/lyceemermoz.edu.ar\/v5\/wp-content\/uploads\/cropped-logo-removebg-preview-36x36.png 36w, https:\/\/lyceemermoz.edu.ar\/v5\/wp-content\/uploads\/cropped-logo-removebg-preview-48x48.png 48w, https:\/\/lyceemermoz.edu.ar\/v5\/wp-content\/uploads\/cropped-logo-removebg-preview-270x270.png 270w, https:\/\/lyceemermoz.edu.ar\/v5\/wp-content\/uploads\/cropped-logo-removebg-preview-192x192.png 192w, https:\/\/lyceemermoz.edu.ar\/v5\/wp-content\/uploads\/cropped-logo-removebg-preview-180x180.png 180w, https:\/\/lyceemermoz.edu.ar\/v5\/wp-content\/uploads\/cropped-logo-removebg-preview-32x32.png 32w, https:\/\/lyceemermoz.edu.ar\/v5\/wp-content\/uploads\/cropped-logo-removebg-preview.png 512w\" sizes=\"(max-width: 300px) 100vw, 300px\" \/>\t\t\t\t\t\t\t\t\t\t\t\t\t\t\t<\/div>\n\t\t\t\t\t<\/div>\n\t\t<\/div>\n\t\t\t\t\t<\/div>\n\t\t<\/section>\n\t\t\t\t<div class=\"elementor-element elementor-element-3cc10e7 elementor-widget elementor-widget-spacer\" data-id=\"3cc10e7\" data-element_type=\"widget\" data-e-type=\"widget\" data-widget_type=\"spacer.default\">\n\t\t\t\t\t\t\t<div class=\"elementor-spacer\">\n\t\t\t<div class=\"elementor-spacer-inner\"><\/div>\n\t\t<\/div>\n\t\t\t\t\t\t<\/div>\n\t\t\t\t<div class=\"elementor-element elementor-element-37560e1 elementor-widget elementor-widget-heading\" data-id=\"37560e1\" data-element_type=\"widget\" data-e-type=\"widget\" data-widget_type=\"heading.default\">\n\t\t\t\t\t<h2 class=\"elementor-heading-title elementor-size-default\">Bonjour \u00e0 tous,<\/h2>\t\t\t\t<\/div>\n\t\t\t\t<div class=\"elementor-element elementor-element-99d3524 elementor-widget elementor-widget-text-editor\" data-id=\"99d3524\" data-element_type=\"widget\" data-e-type=\"widget\" data-widget_type=\"text-editor.default\">\n\t\t\t\t\t\t\t\t\t<p><span style=\"font-family: var( --e-global-typography-text-font-family ), Sans-serif; font-weight: var( --e-global-typography-text-font-weight ); font-size: 1rem;\">Ce mot d\u2019accueil pour vous souhaiter la bienvenue sur notre site internet o\u00f9, je le souhaite, vous aurez autant de plaisir que moi \u00e0 naviguer.<\/span><\/p><p>Un site internet ne refl\u00e8te jamais compl\u00e8tement la richesse de la vie d\u2019un lyc\u00e9e, surtout lorsque celle-ci poss\u00e8de autant de facettes qu\u2019au lyc\u00e9e Jean Mermoz\u2026 Mais c\u2019est n\u00e9anmoins une fen\u00eatre ouverte sur notre \u00e9tablissement, qui vous permettra de d\u00e9couvrir notre organisation et la multiplicit\u00e9 des r\u00e9alisations de nos \u00e9l\u00e8ves encadr\u00e9s par nos personnels. Ceux-ci sont toujours attach\u00e9s \u00e0 une grande et riche ouverture culturelle, au service du respect de chacun dans sa diversit\u00e9 et sa singularit\u00e9.<\/p><p>Notre lyc\u00e9e est fier de ce dynamisme, qu\u2019il propose \u00e0 quelques 1400 \u00e9l\u00e8ves, r\u00e9partis pour moiti\u00e9 entre le premier et le second degr\u00e9. De la toute petite section accueillant des enfants de deux ans, aux \u00e9l\u00e8ves de Terminale, tout l\u2019enseignement s\u2019organise dans un parcours scolaire coh\u00e9rent autour de l\u2019identit\u00e9 doublement fran\u00e7aise et argentine : nos \u00e9l\u00e8ves progressent dans les deux langues, s\u2019ouvrent aux deux cultures, pr\u00e9parent le baccalaur\u00e9at fran\u00e7ais et le bachillerato argentin. Ils auront ainsi la possibilit\u00e9 de poursuivre leurs \u00e9tudes sup\u00e9rieures dans les deux pays, comme dans d\u2019autres pays, tant le lyc\u00e9e cultive le plurilinguisme et pr\u00e9dispose \u00e0 l\u2019ouverture internationale.<\/p><p>Cela implique bien s\u00fbr une solide exigence scolaire et garantit une r\u00e9ussite acad\u00e9mique \u00e9lev\u00e9e. Mais au-del\u00e0, nous sommes convaincus que le dialogue constant entre deux mondes promeut des valeurs citoyennes et humaines de compr\u00e9hension de l\u2019autre, de r\u00e9flexion sur soi, de cr\u00e9ativit\u00e9, qui nourrissent nos \u00e9l\u00e8ves durant toute leur construction d\u2019enfant et d\u2019adolescent, et qui les accompagneront toute leur vie, une fois adultes.<\/p><p>J\u2019esp\u00e8re que vous prendrez autant plaisir \u00e0 d\u00e9couvrir la vie de notre lyc\u00e9e, que nous en prenons \u00e0 y travailler, chaque jour, au service de tous les jeunes qui nous sont confi\u00e9s.<\/p>\t\t\t\t\t\t\t\t<\/div>\n\t\t\t\t<div class=\"elementor-element elementor-element-2dbf913 elementor-widget elementor-widget-button\" data-id=\"2dbf913\" data-element_type=\"widget\" data-e-type=\"widget\" data-widget_type=\"button.default\">\n\t\t\t\t\t\t\t\t\t\t<a class=\"elementor-button elementor-size-sm\" role=\"button\">\n\t\t\t\t\t\t<span class=\"elementor-button-content-wrapper\">\n\t\t\t\t\t\t\t\t\t<span class=\"elementor-button-text\">Fran\u00e7oise Sturbaut I Proviseure Lyc\u00e9e Franco - Argentin Jean Mermoz<\/span>\n\t\t\t\t\t<\/span>\n\t\t\t\t\t<\/a>\n\t\t\t\t\t\t\t\t<\/div>\n\t\t\t\t<div class=\"elementor-element elementor-element-9e7a62a elementor-widget elementor-widget-spacer\" data-id=\"9e7a62a\" data-element_type=\"widget\" data-e-type=\"widget\" data-widget_type=\"spacer.default\">\n\t\t\t\t\t\t\t<div class=\"elementor-spacer\">\n\t\t\t<div class=\"elementor-spacer-inner\"><\/div>\n\t\t<\/div>\n\t\t\t\t\t\t<\/div>\n\t\t\t\t\t<\/div>\n\t\t<\/div>\n\t\t\t\t\t<\/div>\n\t\t<\/section>\n\t\t\t\t<section class=\"elementor-section elementor-top-section elementor-element elementor-element-89833ad animated-fast elementor-section-boxed elementor-section-height-default elementor-section-height-default elementor-invisible\" data-id=\"89833ad\" data-element_type=\"section\" data-e-type=\"section\" data-settings=\"{&quot;background_background&quot;:&quot;gradient&quot;,&quot;animation&quot;:&quot;fadeInUp&quot;,&quot;animation_delay&quot;:500}\">\n\t\t\t\t\t\t<div class=\"elementor-container elementor-column-gap-wide\">\n\t\t\t\t\t<div class=\"elementor-column elementor-col-33 elementor-top-column elementor-element elementor-element-a9150d2\" data-id=\"a9150d2\" data-element_type=\"column\" data-e-type=\"column\">\n\t\t\t<div class=\"elementor-widget-wrap elementor-element-populated\">\n\t\t\t\t\t\t<div class=\"elementor-element elementor-element-bad8244 elementor-position-left elementor-vertical-align-top elementor-widget elementor-widget-image-box\" data-id=\"bad8244\" data-element_type=\"widget\" data-e-type=\"widget\" data-widget_type=\"image-box.default\">\n\t\t\t\t\t<div class=\"elementor-image-box-wrapper\"><figure class=\"elementor-image-box-img\"><img decoding=\"async\" width=\"19\" height=\"18\" src=\"https:\/\/lyceemermoz.edu.ar\/v5\/wp-content\/uploads\/2020\/01\/ecole.png\" class=\"elementor-animation-pop attachment-full size-full wp-image-46\" alt=\"\" \/><\/figure><div class=\"elementor-image-box-content\"><div class=\"elementor-image-box-title\">Contactez-nous<\/div><p class=\"elementor-image-box-description\">Ramsay 2131, CABA, Buenos Aires, Argentina<br>\n +54 11 47 81 16 00<br>\n lycee@mermoz.edu.ar<\/p><\/div><\/div>\t\t\t\t<\/div>\n\t\t\t\t<div class=\"elementor-element elementor-element-1d9fe49 elementor-widget elementor-widget-google_maps\" data-id=\"1d9fe49\" data-element_type=\"widget\" data-e-type=\"widget\" data-widget_type=\"google_maps.default\">\n\t\t\t\t\t\t\t<div class=\"elementor-custom-embed\">\n\t\t\t<iframe loading=\"lazy\"\n\t\t\t\t\tsrc=\"https:\/\/maps.google.com\/maps?q=lycee%20mormoz&#038;t=m&#038;z=12&#038;output=embed&#038;iwloc=near\"\n\t\t\t\t\ttitle=\"lycee mormoz\"\n\t\t\t\t\taria-label=\"lycee mormoz\"\n\t\t\t><\/iframe>\n\t\t<\/div>\n\t\t\t\t\t\t<\/div>\n\t\t\t\t\t<\/div>\n\t\t<\/div>\n\t\t\t\t<div class=\"elementor-column elementor-col-33 elementor-top-column elementor-element elementor-element-e46d43e\" data-id=\"e46d43e\" data-element_type=\"column\" data-e-type=\"column\">\n\t\t\t<div class=\"elementor-widget-wrap elementor-element-populated\">\n\t\t\t\t\t\t<div class=\"elementor-element elementor-element-56bdc3b elementor-position-left elementor-vertical-align-top elementor-widget elementor-widget-image-box\" data-id=\"56bdc3b\" data-element_type=\"widget\" data-e-type=\"widget\" data-widget_type=\"image-box.default\">\n\t\t\t\t\t<div class=\"elementor-image-box-wrapper\"><figure class=\"elementor-image-box-img\"><img decoding=\"async\" width=\"26\" height=\"18\" src=\"https:\/\/lyceemermoz.edu.ar\/v5\/wp-content\/uploads\/2020\/01\/picto_partenaire.png\" class=\"elementor-animation-pop attachment-full size-full wp-image-45\" alt=\"\" \/><\/figure><div class=\"elementor-image-box-content\"><div class=\"elementor-image-box-title\">Partenaires<\/div><\/div><\/div>\t\t\t\t<\/div>\n\t\t\t\t<div class=\"elementor-element elementor-element-c5e1205 elementor-widget elementor-widget-text-editor\" data-id=\"c5e1205\" data-element_type=\"widget\" data-e-type=\"widget\" data-widget_type=\"text-editor.default\">\n\t\t\t\t\t\t\t\t\t<p><img loading=\"lazy\" decoding=\"async\" class=\"alignnone wp-image-467 size-full\" src=\"https:\/\/lyceemermoz.edu.ar\/v5\/wp-content\/uploads\/2encabezado-logo-aefe.png\" alt=\"\" width=\"156\" height=\"136\" srcset=\"https:\/\/lyceemermoz.edu.ar\/v5\/wp-content\/uploads\/2encabezado-logo-aefe.png 156w, https:\/\/lyceemermoz.edu.ar\/v5\/wp-content\/uploads\/2encabezado-logo-aefe-150x131.png 150w\" sizes=\"(max-width: 156px) 100vw, 156px\" \/><\/p>\t\t\t\t\t\t\t\t<\/div>\n\t\t\t\t\t<\/div>\n\t\t<\/div>\n\t\t\t\t<div class=\"elementor-column elementor-col-33 elementor-top-column elementor-element elementor-element-f350e32\" data-id=\"f350e32\" data-element_type=\"column\" data-e-type=\"column\">\n\t\t\t<div class=\"elementor-widget-wrap elementor-element-populated\">\n\t\t\t\t\t\t<div class=\"elementor-element elementor-element-c827513 elementor-position-left elementor-vertical-align-top elementor-widget elementor-widget-image-box\" data-id=\"c827513\" data-element_type=\"widget\" data-e-type=\"widget\" data-widget_type=\"image-box.default\">\n\t\t\t\t\t<div class=\"elementor-image-box-wrapper\"><figure class=\"elementor-image-box-img\"><img decoding=\"async\" width=\"26\" height=\"18\" src=\"https:\/\/lyceemermoz.edu.ar\/v5\/wp-content\/uploads\/2020\/01\/picto_partenaire.png\" class=\"elementor-animation-pop attachment-full size-full wp-image-45\" alt=\"\" \/><\/figure><div class=\"elementor-image-box-content\"><div class=\"elementor-image-box-title\">Social<\/div><\/div><\/div>\t\t\t\t<\/div>\n\t\t\t\t<div class=\"elementor-element elementor-element-c1467a7 elementor-shape-rounded elementor-grid-0 e-grid-align-center elementor-widget elementor-widget-social-icons\" data-id=\"c1467a7\" data-element_type=\"widget\" data-e-type=\"widget\" data-widget_type=\"social-icons.default\">\n\t\t\t\t\t\t\t<div class=\"elementor-social-icons-wrapper elementor-grid\" role=\"list\">\n\t\t\t\t\t\t\t<span class=\"elementor-grid-item\" role=\"listitem\">\n\t\t\t\t\t<a class=\"elementor-icon elementor-social-icon elementor-social-icon-twitter elementor-repeater-item-e13bcef\" href=\"https:\/\/twitter.com\/LJMBuenosAires\" target=\"_blank\">\n\t\t\t\t\t\t<span class=\"elementor-screen-only\">Twitter<\/span>\n\t\t\t\t\t\t<svg aria-hidden=\"true\" class=\"e-font-icon-svg e-fab-twitter\" viewBox=\"0 0 512 512\" xmlns=\"http:\/\/www.w3.org\/2000\/svg\"><path d=\"M459.37 151.716c.325 4.548.325 9.097.325 13.645 0 138.72-105.583 298.558-298.558 298.558-59.452 0-114.68-17.219-161.137-47.106 8.447.974 16.568 1.299 25.34 1.299 49.055 0 94.213-16.568 130.274-44.832-46.132-.975-84.792-31.188-98.112-72.772 6.498.974 12.995 1.624 19.818 1.624 9.421 0 18.843-1.3 27.614-3.573-48.081-9.747-84.143-51.98-84.143-102.985v-1.299c13.969 7.797 30.214 12.67 47.431 13.319-28.264-18.843-46.781-51.005-46.781-87.391 0-19.492 5.197-37.36 14.294-52.954 51.655 63.675 129.3 105.258 216.365 109.807-1.624-7.797-2.599-15.918-2.599-24.04 0-57.828 46.782-104.934 104.934-104.934 30.213 0 57.502 12.67 76.67 33.137 23.715-4.548 46.456-13.32 66.599-25.34-7.798 24.366-24.366 44.833-46.132 57.827 21.117-2.273 41.584-8.122 60.426-16.243-14.292 20.791-32.161 39.308-52.628 54.253z\"><\/path><\/svg>\t\t\t\t\t<\/a>\n\t\t\t\t<\/span>\n\t\t\t\t\t\t\t<span class=\"elementor-grid-item\" role=\"listitem\">\n\t\t\t\t\t<a class=\"elementor-icon elementor-social-icon elementor-social-icon-instagram elementor-repeater-item-feac9bb\" href=\"https:\/\/www.instagram.com\/ljmbuenosaires\/\" target=\"_blank\">\n\t\t\t\t\t\t<span class=\"elementor-screen-only\">Instagram<\/span>\n\t\t\t\t\t\t<svg aria-hidden=\"true\" class=\"e-font-icon-svg e-fab-instagram\" viewBox=\"0 0 448 512\" xmlns=\"http:\/\/www.w3.org\/2000\/svg\"><path d=\"M224.1 141c-63.6 0-114.9 51.3-114.9 114.9s51.3 114.9 114.9 114.9S339 319.5 339 255.9 287.7 141 224.1 141zm0 189.6c-41.1 0-74.7-33.5-74.7-74.7s33.5-74.7 74.7-74.7 74.7 33.5 74.7 74.7-33.6 74.7-74.7 74.7zm146.4-194.3c0 14.9-12 26.8-26.8 26.8-14.9 0-26.8-12-26.8-26.8s12-26.8 26.8-26.8 26.8 12 26.8 26.8zm76.1 27.2c-1.7-35.9-9.9-67.7-36.2-93.9-26.2-26.2-58-34.4-93.9-36.2-37-2.1-147.9-2.1-184.9 0-35.8 1.7-67.6 9.9-93.9 36.1s-34.4 58-36.2 93.9c-2.1 37-2.1 147.9 0 184.9 1.7 35.9 9.9 67.7 36.2 93.9s58 34.4 93.9 36.2c37 2.1 147.9 2.1 184.9 0 35.9-1.7 67.7-9.9 93.9-36.2 26.2-26.2 34.4-58 36.2-93.9 2.1-37 2.1-147.8 0-184.8zM398.8 388c-7.8 19.6-22.9 34.7-42.6 42.6-29.5 11.7-99.5 9-132.1 9s-102.7 2.6-132.1-9c-19.6-7.8-34.7-22.9-42.6-42.6-11.7-29.5-9-99.5-9-132.1s-2.6-102.7 9-132.1c7.8-19.6 22.9-34.7 42.6-42.6 29.5-11.7 99.5-9 132.1-9s102.7-2.6 132.1 9c19.6 7.8 34.7 22.9 42.6 42.6 11.7 29.5 9 99.5 9 132.1s2.7 102.7-9 132.1z\"><\/path><\/svg>\t\t\t\t\t<\/a>\n\t\t\t\t<\/span>\n\t\t\t\t\t<\/div>\n\t\t\t\t\t\t<\/div>\n\t\t\t\t<div class=\"elementor-element elementor-element-beca8b0 elementor-widget elementor-widget-text-editor\" data-id=\"beca8b0\" data-element_type=\"widget\" data-e-type=\"widget\" data-widget_type=\"text-editor.default\">\n\t\t\t\t\t\t\t\t\t<p><a href=\"https:\/\/lyceemermoz.edu.ar\/v5\/informacion-fiscal\/\"><img loading=\"lazy\" decoding=\"async\" class=\"alignnone wp-image-475 size-thumbnail\" src=\"https:\/\/lyceemermoz.edu.ar\/v5\/wp-content\/uploads\/DATAWEB1-110x150.jpg\" alt=\"\" width=\"110\" height=\"150\" srcset=\"https:\/\/lyceemermoz.edu.ar\/v5\/wp-content\/uploads\/DATAWEB1-110x150.jpg 110w, https:\/\/lyceemermoz.edu.ar\/v5\/wp-content\/uploads\/DATAWEB1-219x300.jpg 219w, https:\/\/lyceemermoz.edu.ar\/v5\/wp-content\/uploads\/DATAWEB1.jpg 239w\" sizes=\"(max-width: 110px) 100vw, 110px\" \/><\/a><br \/><a href=\"https:\/\/lyceemermoz.edu.ar\/v5\/informacion-fiscal\/\">Contribuyente exento en IVA<\/a><\/p>\t\t\t\t\t\t\t\t<\/div>\n\t\t\t\t\t<\/div>\n\t\t<\/div>\n\t\t\t\t\t<\/div>\n\t\t<\/section>\n\t\t\t\t<\/div>\n\t\t","protected":false},"excerpt":{"rendered":"<p>Le mot de la proviseure Bonjour \u00e0 tous, Ce mot d\u2019accueil pour vous souhaiter la bienvenue sur notre site internet[&#8230;]<\/p>\n","protected":false},"author":2,"featured_media":21090,"parent":974,"menu_order":0,"comment_status":"closed","ping_status":"closed","template":"elementor_header_footer","meta":{"iawp_total_views":144,"footnotes":""},"class_list":["post-1482","page","type-page","status-publish","has-post-thumbnail","hentry"],"yoast_head":"<!-- This site is optimized with the Yoast SEO plugin v27.4 - https:\/\/yoast.com\/product\/yoast-seo-wordpress\/ -->\n<title>LE MOT DE LA PROVISEURE - Lyc\u00e9e Franco-Argentin Jean Mermoz<\/title>\n<meta name=\"description\" content=\"El Liceo Franco-Argentino Jean mermoz es una escuela privada bilingue con pedagog\u00eda francesa de excelencia para una educaci\u00f3n laica e inclusiva.\" \/>\n<meta name=\"robots\" content=\"index, follow, max-snippet:-1, max-image-preview:large, max-video-preview:-1\" \/>\n<link rel=\"canonical\" href=\"https:\/\/lyceemermoz.edu.ar\/v5\/letablissement\/le-mot-du-proviseur\/\" \/>\n<meta property=\"og:locale\" content=\"fr_FR\" \/>\n<meta property=\"og:type\" content=\"article\" \/>\n<meta property=\"og:title\" content=\"LE MOT DE LA PROVISEURE - Lyc\u00e9e Franco-Argentin Jean Mermoz\" \/>\n<meta property=\"og:description\" content=\"El Liceo Franco-Argentino Jean mermoz es una escuela privada bilingue con pedagog\u00eda francesa de excelencia para una educaci\u00f3n laica e inclusiva.\" \/>\n<meta property=\"og:url\" content=\"https:\/\/lyceemermoz.edu.ar\/v5\/letablissement\/le-mot-du-proviseur\/\" \/>\n<meta property=\"og:site_name\" content=\"Lyc\u00e9e Franco-Argentin Jean Mermoz\" \/>\n<meta property=\"article:modified_time\" content=\"2026-04-21T12:17:24+00:00\" \/>\n<meta property=\"og:image\" content=\"https:\/\/lyceemermoz.edu.ar\/v5\/wp-content\/uploads\/41-1.png\" \/>\n\t<meta property=\"og:image:width\" content=\"1920\" \/>\n\t<meta property=\"og:image:height\" content=\"480\" \/>\n\t<meta property=\"og:image:type\" content=\"image\/png\" \/>\n<meta name=\"twitter:card\" content=\"summary_large_image\" \/>\n<meta name=\"twitter:site\" content=\"@LJMBuenosAires\" \/>\n<meta name=\"twitter:label1\" content=\"Dur\u00e9e de lecture estim\u00e9e\" \/>\n\t<meta name=\"twitter:data1\" content=\"3 minutes\" \/>\n<script type=\"application\/ld+json\" class=\"yoast-schema-graph\">{\"@context\":\"https:\\\/\\\/schema.org\",\"@graph\":[{\"@type\":\"WebPage\",\"@id\":\"https:\\\/\\\/lyceemermoz.edu.ar\\\/v5\\\/letablissement\\\/le-mot-du-proviseur\\\/\",\"url\":\"https:\\\/\\\/lyceemermoz.edu.ar\\\/v5\\\/letablissement\\\/le-mot-du-proviseur\\\/\",\"name\":\"LE MOT DE LA PROVISEURE - Lyc\u00e9e Franco-Argentin Jean Mermoz\",\"isPartOf\":{\"@id\":\"https:\\\/\\\/lyceemermoz.edu.ar\\\/v5\\\/#website\"},\"primaryImageOfPage\":{\"@id\":\"https:\\\/\\\/lyceemermoz.edu.ar\\\/v5\\\/letablissement\\\/le-mot-du-proviseur\\\/#primaryimage\"},\"image\":{\"@id\":\"https:\\\/\\\/lyceemermoz.edu.ar\\\/v5\\\/letablissement\\\/le-mot-du-proviseur\\\/#primaryimage\"},\"thumbnailUrl\":\"https:\\\/\\\/lyceemermoz.edu.ar\\\/v5\\\/wp-content\\\/uploads\\\/41-1.png\",\"datePublished\":\"2020-05-30T15:07:27+00:00\",\"dateModified\":\"2026-04-21T12:17:24+00:00\",\"description\":\"El Liceo Franco-Argentino Jean mermoz es una escuela privada bilingue con pedagog\u00eda francesa de excelencia para una educaci\u00f3n laica e inclusiva.\",\"breadcrumb\":{\"@id\":\"https:\\\/\\\/lyceemermoz.edu.ar\\\/v5\\\/letablissement\\\/le-mot-du-proviseur\\\/#breadcrumb\"},\"inLanguage\":\"fr-FR\",\"potentialAction\":[{\"@type\":\"ReadAction\",\"target\":[\"https:\\\/\\\/lyceemermoz.edu.ar\\\/v5\\\/letablissement\\\/le-mot-du-proviseur\\\/\"]}]},{\"@type\":\"ImageObject\",\"inLanguage\":\"fr-FR\",\"@id\":\"https:\\\/\\\/lyceemermoz.edu.ar\\\/v5\\\/letablissement\\\/le-mot-du-proviseur\\\/#primaryimage\",\"url\":\"https:\\\/\\\/lyceemermoz.edu.ar\\\/v5\\\/wp-content\\\/uploads\\\/41-1.png\",\"contentUrl\":\"https:\\\/\\\/lyceemermoz.edu.ar\\\/v5\\\/wp-content\\\/uploads\\\/41-1.png\",\"width\":1920,\"height\":480,\"caption\":\"etablessiment Jean Mermoz\"},{\"@type\":\"BreadcrumbList\",\"@id\":\"https:\\\/\\\/lyceemermoz.edu.ar\\\/v5\\\/letablissement\\\/le-mot-du-proviseur\\\/#breadcrumb\",\"itemListElement\":[{\"@type\":\"ListItem\",\"position\":1,\"name\":\"Accueil\",\"item\":\"https:\\\/\\\/lyceemermoz.edu.ar\\\/v5\\\/\"},{\"@type\":\"ListItem\",\"position\":2,\"name\":\"NOTRE \u00c9TABLISSEMENT\",\"item\":\"https:\\\/\\\/lyceemermoz.edu.ar\\\/v5\\\/letablissement\\\/\"},{\"@type\":\"ListItem\",\"position\":3,\"name\":\"LE MOT DE LA PROVISEURE\"}]},{\"@type\":\"WebSite\",\"@id\":\"https:\\\/\\\/lyceemermoz.edu.ar\\\/v5\\\/#website\",\"url\":\"https:\\\/\\\/lyceemermoz.edu.ar\\\/v5\\\/\",\"name\":\"Lyc\u00e9e Franco-Argentin Jean Mermoz\",\"description\":\"Jean Mermoz, Buenos Aires\",\"publisher\":{\"@id\":\"https:\\\/\\\/lyceemermoz.edu.ar\\\/v5\\\/#organization\"},\"potentialAction\":[{\"@type\":\"SearchAction\",\"target\":{\"@type\":\"EntryPoint\",\"urlTemplate\":\"https:\\\/\\\/lyceemermoz.edu.ar\\\/v5\\\/?s={search_term_string}\"},\"query-input\":{\"@type\":\"PropertyValueSpecification\",\"valueRequired\":true,\"valueName\":\"search_term_string\"}}],\"inLanguage\":\"fr-FR\"},{\"@type\":\"Organization\",\"@id\":\"https:\\\/\\\/lyceemermoz.edu.ar\\\/v5\\\/#organization\",\"name\":\"Lyc\u00e9e Franco-Argentin Jean Mermoz - Liceo Franco-Argentino Jean Mermoz\",\"url\":\"https:\\\/\\\/lyceemermoz.edu.ar\\\/v5\\\/\",\"logo\":{\"@type\":\"ImageObject\",\"inLanguage\":\"fr-FR\",\"@id\":\"https:\\\/\\\/lyceemermoz.edu.ar\\\/v5\\\/#\\\/schema\\\/logo\\\/image\\\/\",\"url\":\"https:\\\/\\\/lyceemermoz.edu.ar\\\/v5\\\/wp-content\\\/uploads\\\/logoJM-scaled.jpg\",\"contentUrl\":\"https:\\\/\\\/lyceemermoz.edu.ar\\\/v5\\\/wp-content\\\/uploads\\\/logoJM-scaled.jpg\",\"width\":2560,\"height\":2560,\"caption\":\"Lyc\u00e9e Franco-Argentin Jean Mermoz - Liceo Franco-Argentino Jean Mermoz\"},\"image\":{\"@id\":\"https:\\\/\\\/lyceemermoz.edu.ar\\\/v5\\\/#\\\/schema\\\/logo\\\/image\\\/\"},\"sameAs\":[\"https:\\\/\\\/x.com\\\/LJMBuenosAires\",\"https:\\\/\\\/www.instagram.com\\\/ljmbuenosaires\\\/\"]}]}<\/script>\n<!-- \/ Yoast SEO plugin. -->","yoast_head_json":{"title":"LE MOT DE LA PROVISEURE - Lyc\u00e9e Franco-Argentin Jean Mermoz","description":"El Liceo Franco-Argentino Jean mermoz es una escuela privada bilingue con pedagog\u00eda francesa de excelencia para una educaci\u00f3n laica e inclusiva.","robots":{"index":"index","follow":"follow","max-snippet":"max-snippet:-1","max-image-preview":"max-image-preview:large","max-video-preview":"max-video-preview:-1"},"canonical":"https:\/\/lyceemermoz.edu.ar\/v5\/letablissement\/le-mot-du-proviseur\/","og_locale":"fr_FR","og_type":"article","og_title":"LE MOT DE LA PROVISEURE - Lyc\u00e9e Franco-Argentin Jean Mermoz","og_description":"El Liceo Franco-Argentino Jean mermoz es una escuela privada bilingue con pedagog\u00eda francesa de excelencia para una educaci\u00f3n laica e inclusiva.","og_url":"https:\/\/lyceemermoz.edu.ar\/v5\/letablissement\/le-mot-du-proviseur\/","og_site_name":"Lyc\u00e9e Franco-Argentin Jean Mermoz","article_modified_time":"2026-04-21T12:17:24+00:00","og_image":[{"width":1920,"height":480,"url":"https:\/\/lyceemermoz.edu.ar\/v5\/wp-content\/uploads\/41-1.png","type":"image\/png"}],"twitter_card":"summary_large_image","twitter_site":"@LJMBuenosAires","twitter_misc":{"Dur\u00e9e de lecture estim\u00e9e":"3 minutes"},"schema":{"@context":"https:\/\/schema.org","@graph":[{"@type":"WebPage","@id":"https:\/\/lyceemermoz.edu.ar\/v5\/letablissement\/le-mot-du-proviseur\/","url":"https:\/\/lyceemermoz.edu.ar\/v5\/letablissement\/le-mot-du-proviseur\/","name":"LE MOT DE LA PROVISEURE - Lyc\u00e9e Franco-Argentin Jean Mermoz","isPartOf":{"@id":"https:\/\/lyceemermoz.edu.ar\/v5\/#website"},"primaryImageOfPage":{"@id":"https:\/\/lyceemermoz.edu.ar\/v5\/letablissement\/le-mot-du-proviseur\/#primaryimage"},"image":{"@id":"https:\/\/lyceemermoz.edu.ar\/v5\/letablissement\/le-mot-du-proviseur\/#primaryimage"},"thumbnailUrl":"https:\/\/lyceemermoz.edu.ar\/v5\/wp-content\/uploads\/41-1.png","datePublished":"2020-05-30T15:07:27+00:00","dateModified":"2026-04-21T12:17:24+00:00","description":"El Liceo Franco-Argentino Jean mermoz es una escuela privada bilingue con pedagog\u00eda francesa de excelencia para una educaci\u00f3n laica e inclusiva.","breadcrumb":{"@id":"https:\/\/lyceemermoz.edu.ar\/v5\/letablissement\/le-mot-du-proviseur\/#breadcrumb"},"inLanguage":"fr-FR","potentialAction":[{"@type":"ReadAction","target":["https:\/\/lyceemermoz.edu.ar\/v5\/letablissement\/le-mot-du-proviseur\/"]}]},{"@type":"ImageObject","inLanguage":"fr-FR","@id":"https:\/\/lyceemermoz.edu.ar\/v5\/letablissement\/le-mot-du-proviseur\/#primaryimage","url":"https:\/\/lyceemermoz.edu.ar\/v5\/wp-content\/uploads\/41-1.png","contentUrl":"https:\/\/lyceemermoz.edu.ar\/v5\/wp-content\/uploads\/41-1.png","width":1920,"height":480,"caption":"etablessiment Jean Mermoz"},{"@type":"BreadcrumbList","@id":"https:\/\/lyceemermoz.edu.ar\/v5\/letablissement\/le-mot-du-proviseur\/#breadcrumb","itemListElement":[{"@type":"ListItem","position":1,"name":"Accueil","item":"https:\/\/lyceemermoz.edu.ar\/v5\/"},{"@type":"ListItem","position":2,"name":"NOTRE \u00c9TABLISSEMENT","item":"https:\/\/lyceemermoz.edu.ar\/v5\/letablissement\/"},{"@type":"ListItem","position":3,"name":"LE MOT DE LA PROVISEURE"}]},{"@type":"WebSite","@id":"https:\/\/lyceemermoz.edu.ar\/v5\/#website","url":"https:\/\/lyceemermoz.edu.ar\/v5\/","name":"Lyc\u00e9e Franco-Argentin Jean Mermoz","description":"Jean Mermoz, Buenos Aires","publisher":{"@id":"https:\/\/lyceemermoz.edu.ar\/v5\/#organization"},"potentialAction":[{"@type":"SearchAction","target":{"@type":"EntryPoint","urlTemplate":"https:\/\/lyceemermoz.edu.ar\/v5\/?s={search_term_string}"},"query-input":{"@type":"PropertyValueSpecification","valueRequired":true,"valueName":"search_term_string"}}],"inLanguage":"fr-FR"},{"@type":"Organization","@id":"https:\/\/lyceemermoz.edu.ar\/v5\/#organization","name":"Lyc\u00e9e Franco-Argentin Jean Mermoz - Liceo Franco-Argentino Jean Mermoz","url":"https:\/\/lyceemermoz.edu.ar\/v5\/","logo":{"@type":"ImageObject","inLanguage":"fr-FR","@id":"https:\/\/lyceemermoz.edu.ar\/v5\/#\/schema\/logo\/image\/","url":"https:\/\/lyceemermoz.edu.ar\/v5\/wp-content\/uploads\/logoJM-scaled.jpg","contentUrl":"https:\/\/lyceemermoz.edu.ar\/v5\/wp-content\/uploads\/logoJM-scaled.jpg","width":2560,"height":2560,"caption":"Lyc\u00e9e Franco-Argentin Jean Mermoz - Liceo Franco-Argentino Jean Mermoz"},"image":{"@id":"https:\/\/lyceemermoz.edu.ar\/v5\/#\/schema\/logo\/image\/"},"sameAs":["https:\/\/x.com\/LJMBuenosAires","https:\/\/www.instagram.com\/ljmbuenosaires\/"]}]}},"_links":{"self":[{"href":"https:\/\/lyceemermoz.edu.ar\/v5\/wp-json\/wp\/v2\/pages\/1482","targetHints":{"allow":["GET"]}}],"collection":[{"href":"https:\/\/lyceemermoz.edu.ar\/v5\/wp-json\/wp\/v2\/pages"}],"about":[{"href":"https:\/\/lyceemermoz.edu.ar\/v5\/wp-json\/wp\/v2\/types\/page"}],"author":[{"embeddable":true,"href":"https:\/\/lyceemermoz.edu.ar\/v5\/wp-json\/wp\/v2\/users\/2"}],"replies":[{"embeddable":true,"href":"https:\/\/lyceemermoz.edu.ar\/v5\/wp-json\/wp\/v2\/comments?post=1482"}],"version-history":[{"count":82,"href":"https:\/\/lyceemermoz.edu.ar\/v5\/wp-json\/wp\/v2\/pages\/1482\/revisions"}],"predecessor-version":[{"id":36403,"href":"https:\/\/lyceemermoz.edu.ar\/v5\/wp-json\/wp\/v2\/pages\/1482\/revisions\/36403"}],"up":[{"embeddable":true,"href":"https:\/\/lyceemermoz.edu.ar\/v5\/wp-json\/wp\/v2\/pages\/974"}],"wp:featuredmedia":[{"embeddable":true,"href":"https:\/\/lyceemermoz.edu.ar\/v5\/wp-json\/wp\/v2\/media\/21090"}],"wp:attachment":[{"href":"https:\/\/lyceemermoz.edu.ar\/v5\/wp-json\/wp\/v2\/media?parent=1482"}],"curies":[{"name":"wp","href":"https:\/\/api.w.org\/{rel}","templated":true}]}}