{"id":1297,"date":"2020-07-04T23:24:19","date_gmt":"2020-07-04T23:24:19","guid":{"rendered":"https:\/\/lyceemermoz.edu.ar\/v5\/?page_id=1297"},"modified":"2026-04-20T20:19:01","modified_gmt":"2026-04-20T20:19:01","slug":"vie-scolaire","status":"publish","type":"page","link":"https:\/\/lyceemermoz.edu.ar\/v5\/pedagogie\/secondaire\/vie-scolaire\/","title":{"rendered":"VIE SCOLAIRE"},"content":{"rendered":"\t\t<div data-elementor-type=\"wp-page\" data-elementor-id=\"1297\" class=\"elementor elementor-1297\" data-elementor-post-type=\"page\">\n\t\t\t\t\t\t<section class=\"elementor-section elementor-top-section elementor-element elementor-element-5c394d1 elementor-section-full_width elementor-section-height-default elementor-section-height-default\" data-id=\"5c394d1\" data-element_type=\"section\" data-e-type=\"section\" data-settings=\"{&quot;background_background&quot;:&quot;classic&quot;}\">\n\t\t\t\t\t\t<div class=\"elementor-container elementor-column-gap-default\">\n\t\t\t\t\t<div class=\"elementor-column elementor-col-100 elementor-top-column elementor-element elementor-element-60d8f29\" data-id=\"60d8f29\" data-element_type=\"column\" data-e-type=\"column\" data-settings=\"{&quot;background_background&quot;:&quot;classic&quot;}\">\n\t\t\t<div class=\"elementor-widget-wrap elementor-element-populated\">\n\t\t\t\t\t\t<div class=\"elementor-element elementor-element-cc31632 elementor-widget elementor-widget-image\" data-id=\"cc31632\" data-element_type=\"widget\" data-e-type=\"widget\" data-widget_type=\"image.default\">\n\t\t\t\t\t\t\t\t\t\t\t\t\t\t\t<img decoding=\"async\" src=\"https:\/\/lyceemermoz.edu.ar\/v5\/wp-content\/uploads\/logoVS.fw_.png\" title=\"\" alt=\"\" loading=\"lazy\" \/>\t\t\t\t\t\t\t\t\t\t\t\t\t\t\t<\/div>\n\t\t\t\t<div class=\"elementor-element elementor-element-490a8f0 elementor-widget elementor-widget-heading\" data-id=\"490a8f0\" data-element_type=\"widget\" data-e-type=\"widget\" data-widget_type=\"heading.default\">\n\t\t\t\t\t<h1 class=\"elementor-heading-title elementor-size-default\">VIE SCOLAIRE<\/h1>\t\t\t\t<\/div>\n\t\t\t\t<div class=\"elementor-element elementor-element-4bf92f0 elementor-widget-divider--view-line elementor-widget elementor-widget-divider\" data-id=\"4bf92f0\" data-element_type=\"widget\" data-e-type=\"widget\" data-widget_type=\"divider.default\">\n\t\t\t\t\t\t\t<div class=\"elementor-divider\">\n\t\t\t<span class=\"elementor-divider-separator\">\n\t\t\t\t\t\t<\/span>\n\t\t<\/div>\n\t\t\t\t\t\t<\/div>\n\t\t\t\t<div class=\"elementor-element elementor-element-57b7f3d elementor-widget elementor-widget-heading\" data-id=\"57b7f3d\" data-element_type=\"widget\" data-e-type=\"widget\" data-widget_type=\"heading.default\">\n\t\t\t\t\t<h2 class=\"elementor-heading-title elementor-size-default\">Les missions de la Vie Scolaire<\/h2>\t\t\t\t<\/div>\n\t\t\t\t<div class=\"elementor-element elementor-element-e7cb2ad elementor-widget elementor-widget-text-editor\" data-id=\"e7cb2ad\" data-element_type=\"widget\" data-e-type=\"widget\" data-widget_type=\"text-editor.default\">\n\t\t\t\t\t\t\t\t\t<p><span style=\"font-family: var( --e-global-typography-text-font-family ), Sans-serif; font-size: 1rem; caret-color: #090909; color: #090909;\">Originalit\u00e9 du syst\u00e8me scolaire francais,<\/span><strong style=\"font-family: var( --e-global-typography-text-font-family ), Sans-serif; font-size: 1rem; caret-color: #090909; color: #090909;\">\u00a0la Vie scolaire<\/strong><span style=\"font-family: var( --e-global-typography-text-font-family ), Sans-serif; font-size: 1rem; caret-color: #090909; color: #090909;\">\u00a0prend en charge les \u00e9l\u00e8ves en dehors des heures de cours.<\/span><\/p><p><span style=\"caret-color: #090909; color: #090909; font-family: var( --e-global-typography-text-font-family ), Sans-serif; font-size: 1rem;\">La mission principale de la <strong>Vie Scolaire<\/strong>\u00a0est de veiller \u00e0 ce que chaque \u00e9l\u00e8ve suive sa scolarit\u00e9 dans les meilleures conditions, dans le respect des personnes, des biens et des r\u00e8gles de la vie en communaut\u00e9.<\/span><\/p><p><span style=\"caret-color: #090909; color: #090909;\">La\u00a0<\/span><strong style=\"caret-color: #090909; color: #090909;\">Vie scolaire<\/strong><span style=\"caret-color: #090909; color: #090909;\">\u00a0est charg\u00e9e du suivi de la ponctualit\u00e9 et de l&#8217;assiduit\u00e9 \u00e9l\u00e8ves, premi\u00e8re condition de r\u00e9ussite d&#8217;une scolarit\u00e9.<\/span><span style=\"caret-color: #090909; color: #090909; font-family: var( --e-global-typography-text-font-family ), Sans-serif; font-size: 1rem;\"><br \/><\/span><\/p><p>Le bureau de la Vie scolaire est un lieu d\u2019accueil et d\u2019\u00e9coute des \u00e9l\u00e8ves \u00e0 tout moment de la journ\u00e9e :\u00a0<\/p><ul><li>probl\u00e8mes scolaires<\/li><li>probl\u00e8mes personnels<\/li><li>recherches d\u2019informations sur l\u2019organisation quotidienne du coll\u00e8ge et du lyc\u00e9e.<\/li><\/ul>\t\t\t\t\t\t\t\t<\/div>\n\t\t\t\t<div class=\"elementor-element elementor-element-671896c elementor-widget-divider--view-line elementor-widget elementor-widget-divider\" data-id=\"671896c\" data-element_type=\"widget\" data-e-type=\"widget\" data-widget_type=\"divider.default\">\n\t\t\t\t\t\t\t<div class=\"elementor-divider\">\n\t\t\t<span class=\"elementor-divider-separator\">\n\t\t\t\t\t\t<\/span>\n\t\t<\/div>\n\t\t\t\t\t\t<\/div>\n\t\t\t\t<div class=\"elementor-element elementor-element-420592b elementor-widget elementor-widget-text-editor\" data-id=\"420592b\" data-element_type=\"widget\" data-e-type=\"widget\" data-widget_type=\"text-editor.default\">\n\t\t\t\t\t\t\t\t\t<p><span style=\"font-size: 1.5rem; font-family: var( --e-global-typography-text-font-family ), Sans-serif;\"><strong>Contact<\/strong>\u00a0<\/span><\/p><p><span style=\"font-family: var( --e-global-typography-text-font-family ), Sans-serif; font-size: 1rem;\">Conseiller d&#8217;Education ou CPE<br \/><\/span>Thierry Fabianos : <span id=\"cloak49117\"><\/span><a href=\"mailto:thierry.fabiano@mermoz.edu.ar\">thierry.fabiano@mermoz.edu.ar<\/a><br \/><span style=\"font-size: 1.0625rem;\">Tel : 4781-1600 ext : 239<\/span><\/p><p>Pour pr\u00e9venir d&#8217;une absence ou d&#8217;un retard, lignes directes Vie scolaire:<br \/><span style=\"font-size: 1.0625rem;\">Tel 4781-1600 ext : 219 ou 232<\/span><\/p>\t\t\t\t\t\t\t\t<\/div>\n\t\t\t\t<div class=\"elementor-element elementor-element-01f213c elementor-widget-divider--view-line elementor-widget elementor-widget-divider\" data-id=\"01f213c\" data-element_type=\"widget\" data-e-type=\"widget\" data-widget_type=\"divider.default\">\n\t\t\t\t\t\t\t<div class=\"elementor-divider\">\n\t\t\t<span class=\"elementor-divider-separator\">\n\t\t\t\t\t\t<\/span>\n\t\t<\/div>\n\t\t\t\t\t\t<\/div>\n\t\t\t\t<div class=\"elementor-element elementor-element-4834e93 elementor-widget elementor-widget-heading\" data-id=\"4834e93\" data-element_type=\"widget\" data-e-type=\"widget\" data-widget_type=\"heading.default\">\n\t\t\t\t\t<h2 class=\"elementor-heading-title elementor-size-default\">Le Conseiller d'\u00e9ducation (CPE) : un r\u00f4le central <\/h2>\t\t\t\t<\/div>\n\t\t\t\t<div class=\"elementor-element elementor-element-8d7fc5a elementor-widget elementor-widget-text-editor\" data-id=\"8d7fc5a\" data-element_type=\"widget\" data-e-type=\"widget\" data-widget_type=\"text-editor.default\">\n\t\t\t\t\t\t\t\t\t<p>Le conseiller principal d\u2019\u00e9ducation\u00a0<span style=\"caret-color: #000000; color: #000000; font-size: medium; font-family: var( --e-global-typography-text-font-family ), Sans-serif;\">joue un r\u00f4le central dans la vie scolaire des \u00e9l\u00e8ves. Il contribue avec son \u00e9quipe \u00e0 leur encadrement, leur \u00e9panouissement et leur r\u00e9ussite.<\/span><\/p><p><span style=\"caret-color: #000000; color: #000000; font-size: medium; font-family: var( --e-global-typography-text-font-family ), Sans-serif;\"><strong>Ses missions s&#8217;articulent autour de plusieurs axes principaux :<\/strong><br \/><\/span><\/p><ul><li>Assurer le suivi individuel des \u00e9l\u00e8ves<\/li><li>S&#8217;entretenir avec les \u00e9l\u00e8ves et les familles sur leur comportement au sein du coll\u00e8ge et du lyc\u00e9e,<\/li><li>Jouer un r\u00f4le d\u2019\u00e9coute en \u00e9troite collaboration avec l\u2019assistante sociale, l\u2019infirmi\u00e8re scolaire et les professeurs principaux<\/li><li>Informer les familles de tout probl\u00e8me concernant la scolarit\u00e9 de leurs enfants<\/li><li>R\u00e9aliser le suivi collectif des \u00e9l\u00e8ves par exemple dans l\u2019organisation des r\u00e9unions des d\u00e9l\u00e9gu\u00e9s des \u00e9l\u00e8ves.<p><span style=\"font-family: var( --e-global-typography-text-font-family ), Sans-serif; font-size: 1rem;\">Le CPE anime parfois des heures de Vie de classe, sur le temps libre des \u00e9l\u00e8ves pour aborder des th\u00e8mes tels que l&#8217;ambiance de la classe, le harc\u00e8lement \u00e0 l&#8217;\u00e9cole, ou des actions de pr\u00e9vention.<\/span><\/p><\/li><\/ul>\t\t\t\t\t\t\t\t<\/div>\n\t\t\t\t<div class=\"elementor-element elementor-element-e70fb74 elementor-widget elementor-widget-heading\" data-id=\"e70fb74\" data-element_type=\"widget\" data-e-type=\"widget\" data-widget_type=\"heading.default\">\n\t\t\t\t\t<h2 class=\"elementor-heading-title elementor-size-default\">Les assistants d'\u00e9ducation : piliers de la Vie Scolaire<\/h2>\t\t\t\t<\/div>\n\t\t\t\t<div class=\"elementor-element elementor-element-b71722f elementor-widget elementor-widget-text-editor\" data-id=\"b71722f\" data-element_type=\"widget\" data-e-type=\"widget\" data-widget_type=\"text-editor.default\">\n\t\t\t\t\t\t\t\t\t<p>Les assistants d\u2019\u00e9ducation encadrent les \u00e9l\u00e8ves principalement durant les heures d\u2019\u00e9tude, pendant les r\u00e9cr\u00e9ations et les intercours. Attentifs aux divers probl\u00e8mes que peuvent rencontrer les \u00e9l\u00e8ves, \u00a0Ils assurent \u00a0la gestion des absences et des retards.\u00a0<br \/><br \/>Ils ont sous leur responsabilit\u00e9\u00a0<br \/>&#8211; un r\u00f4le \u00e9ducatif aupr\u00e8s des \u00e9l\u00e8ves (respect du r\u00e8glement int\u00e9rieur, conseil dans l\u2019organisation, aide aux devoirs) <br \/>&#8211; et un r\u00f4le de lien entre les \u00e9l\u00e8ves et \u00a0la direction du coll\u00e8ge et lyc\u00e9e. Ils participent ainsi aux conseils de classe du niveau dont ils ont la charge.<br \/><br \/><\/p>\t\t\t\t\t\t\t\t<\/div>\n\t\t\t\t\t<\/div>\n\t\t<\/div>\n\t\t\t\t\t<\/div>\n\t\t<\/section>\n\t\t\t\t<section class=\"elementor-section elementor-top-section elementor-element elementor-element-89833ad animated-fast elementor-section-boxed elementor-section-height-default elementor-section-height-default elementor-invisible\" data-id=\"89833ad\" data-element_type=\"section\" data-e-type=\"section\" data-settings=\"{&quot;background_background&quot;:&quot;gradient&quot;,&quot;animation&quot;:&quot;fadeInUp&quot;,&quot;animation_delay&quot;:500}\">\n\t\t\t\t\t\t<div class=\"elementor-container elementor-column-gap-wide\">\n\t\t\t\t\t<div class=\"elementor-column elementor-col-33 elementor-top-column elementor-element elementor-element-a9150d2\" data-id=\"a9150d2\" data-element_type=\"column\" data-e-type=\"column\">\n\t\t\t<div class=\"elementor-widget-wrap elementor-element-populated\">\n\t\t\t\t\t\t<div class=\"elementor-element elementor-element-bad8244 elementor-position-left elementor-vertical-align-top elementor-widget elementor-widget-image-box\" data-id=\"bad8244\" data-element_type=\"widget\" data-e-type=\"widget\" data-widget_type=\"image-box.default\">\n\t\t\t\t\t<div class=\"elementor-image-box-wrapper\"><figure class=\"elementor-image-box-img\"><img decoding=\"async\" width=\"19\" height=\"18\" src=\"https:\/\/lyceemermoz.edu.ar\/v5\/wp-content\/uploads\/2020\/01\/ecole.png\" class=\"elementor-animation-pop attachment-full size-full wp-image-46\" alt=\"\" \/><\/figure><div class=\"elementor-image-box-content\"><div class=\"elementor-image-box-title\">Contactez-nous<\/div><p class=\"elementor-image-box-description\">Ramsay 2131, CABA, Buenos Aires, Argentina<br>\n +54 11 47 81 16 00<br>\n lycee@mermoz.edu.ar<\/p><\/div><\/div>\t\t\t\t<\/div>\n\t\t\t\t<div class=\"elementor-element elementor-element-1d9fe49 elementor-widget elementor-widget-google_maps\" data-id=\"1d9fe49\" data-element_type=\"widget\" data-e-type=\"widget\" data-widget_type=\"google_maps.default\">\n\t\t\t\t\t\t\t<div class=\"elementor-custom-embed\">\n\t\t\t<iframe loading=\"lazy\"\n\t\t\t\t\tsrc=\"https:\/\/maps.google.com\/maps?q=lycee%20mormoz&#038;t=m&#038;z=12&#038;output=embed&#038;iwloc=near\"\n\t\t\t\t\ttitle=\"lycee mormoz\"\n\t\t\t\t\taria-label=\"lycee mormoz\"\n\t\t\t><\/iframe>\n\t\t<\/div>\n\t\t\t\t\t\t<\/div>\n\t\t\t\t\t<\/div>\n\t\t<\/div>\n\t\t\t\t<div class=\"elementor-column elementor-col-33 elementor-top-column elementor-element elementor-element-e46d43e\" data-id=\"e46d43e\" data-element_type=\"column\" data-e-type=\"column\">\n\t\t\t<div class=\"elementor-widget-wrap elementor-element-populated\">\n\t\t\t\t\t\t<div class=\"elementor-element elementor-element-56bdc3b elementor-position-left elementor-vertical-align-top elementor-widget elementor-widget-image-box\" data-id=\"56bdc3b\" data-element_type=\"widget\" data-e-type=\"widget\" data-widget_type=\"image-box.default\">\n\t\t\t\t\t<div class=\"elementor-image-box-wrapper\"><figure class=\"elementor-image-box-img\"><img decoding=\"async\" width=\"26\" height=\"18\" src=\"https:\/\/lyceemermoz.edu.ar\/v5\/wp-content\/uploads\/2020\/01\/picto_partenaire.png\" class=\"elementor-animation-pop attachment-full size-full wp-image-45\" alt=\"\" \/><\/figure><div class=\"elementor-image-box-content\"><div class=\"elementor-image-box-title\">Partenaires<\/div><\/div><\/div>\t\t\t\t<\/div>\n\t\t\t\t<div class=\"elementor-element elementor-element-c5e1205 elementor-widget elementor-widget-text-editor\" data-id=\"c5e1205\" data-element_type=\"widget\" data-e-type=\"widget\" data-widget_type=\"text-editor.default\">\n\t\t\t\t\t\t\t\t\t<p><img decoding=\"async\" class=\"alignnone wp-image-467 size-full\" src=\"https:\/\/lyceemermoz.edu.ar\/v5\/wp-content\/uploads\/2encabezado-logo-aefe.png\" alt=\"\" width=\"156\" height=\"136\" srcset=\"https:\/\/lyceemermoz.edu.ar\/v5\/wp-content\/uploads\/2encabezado-logo-aefe.png 156w, https:\/\/lyceemermoz.edu.ar\/v5\/wp-content\/uploads\/2encabezado-logo-aefe-150x131.png 150w\" sizes=\"(max-width: 156px) 100vw, 156px\" \/><\/p>\t\t\t\t\t\t\t\t<\/div>\n\t\t\t\t\t<\/div>\n\t\t<\/div>\n\t\t\t\t<div class=\"elementor-column elementor-col-33 elementor-top-column elementor-element elementor-element-f350e32\" data-id=\"f350e32\" data-element_type=\"column\" data-e-type=\"column\">\n\t\t\t<div class=\"elementor-widget-wrap elementor-element-populated\">\n\t\t\t\t\t\t<div class=\"elementor-element elementor-element-c827513 elementor-position-left elementor-vertical-align-top elementor-widget elementor-widget-image-box\" data-id=\"c827513\" data-element_type=\"widget\" data-e-type=\"widget\" data-widget_type=\"image-box.default\">\n\t\t\t\t\t<div class=\"elementor-image-box-wrapper\"><figure class=\"elementor-image-box-img\"><img decoding=\"async\" width=\"26\" height=\"18\" src=\"https:\/\/lyceemermoz.edu.ar\/v5\/wp-content\/uploads\/2020\/01\/picto_partenaire.png\" class=\"elementor-animation-pop attachment-full size-full wp-image-45\" alt=\"\" \/><\/figure><div class=\"elementor-image-box-content\"><div class=\"elementor-image-box-title\">Social<\/div><\/div><\/div>\t\t\t\t<\/div>\n\t\t\t\t<div class=\"elementor-element elementor-element-c1467a7 elementor-shape-rounded elementor-grid-0 e-grid-align-center elementor-widget elementor-widget-social-icons\" data-id=\"c1467a7\" data-element_type=\"widget\" data-e-type=\"widget\" data-widget_type=\"social-icons.default\">\n\t\t\t\t\t\t\t<div class=\"elementor-social-icons-wrapper elementor-grid\" role=\"list\">\n\t\t\t\t\t\t\t<span class=\"elementor-grid-item\" role=\"listitem\">\n\t\t\t\t\t<a class=\"elementor-icon elementor-social-icon elementor-social-icon-twitter elementor-repeater-item-e13bcef\" href=\"https:\/\/twitter.com\/LJMBuenosAires\" target=\"_blank\">\n\t\t\t\t\t\t<span class=\"elementor-screen-only\">Twitter<\/span>\n\t\t\t\t\t\t<svg aria-hidden=\"true\" class=\"e-font-icon-svg e-fab-twitter\" viewBox=\"0 0 512 512\" xmlns=\"http:\/\/www.w3.org\/2000\/svg\"><path d=\"M459.37 151.716c.325 4.548.325 9.097.325 13.645 0 138.72-105.583 298.558-298.558 298.558-59.452 0-114.68-17.219-161.137-47.106 8.447.974 16.568 1.299 25.34 1.299 49.055 0 94.213-16.568 130.274-44.832-46.132-.975-84.792-31.188-98.112-72.772 6.498.974 12.995 1.624 19.818 1.624 9.421 0 18.843-1.3 27.614-3.573-48.081-9.747-84.143-51.98-84.143-102.985v-1.299c13.969 7.797 30.214 12.67 47.431 13.319-28.264-18.843-46.781-51.005-46.781-87.391 0-19.492 5.197-37.36 14.294-52.954 51.655 63.675 129.3 105.258 216.365 109.807-1.624-7.797-2.599-15.918-2.599-24.04 0-57.828 46.782-104.934 104.934-104.934 30.213 0 57.502 12.67 76.67 33.137 23.715-4.548 46.456-13.32 66.599-25.34-7.798 24.366-24.366 44.833-46.132 57.827 21.117-2.273 41.584-8.122 60.426-16.243-14.292 20.791-32.161 39.308-52.628 54.253z\"><\/path><\/svg>\t\t\t\t\t<\/a>\n\t\t\t\t<\/span>\n\t\t\t\t\t\t\t<span class=\"elementor-grid-item\" role=\"listitem\">\n\t\t\t\t\t<a class=\"elementor-icon elementor-social-icon elementor-social-icon-instagram elementor-repeater-item-feac9bb\" href=\"https:\/\/www.instagram.com\/ljmbuenosaires\/\" target=\"_blank\">\n\t\t\t\t\t\t<span class=\"elementor-screen-only\">Instagram<\/span>\n\t\t\t\t\t\t<svg aria-hidden=\"true\" class=\"e-font-icon-svg e-fab-instagram\" viewBox=\"0 0 448 512\" xmlns=\"http:\/\/www.w3.org\/2000\/svg\"><path d=\"M224.1 141c-63.6 0-114.9 51.3-114.9 114.9s51.3 114.9 114.9 114.9S339 319.5 339 255.9 287.7 141 224.1 141zm0 189.6c-41.1 0-74.7-33.5-74.7-74.7s33.5-74.7 74.7-74.7 74.7 33.5 74.7 74.7-33.6 74.7-74.7 74.7zm146.4-194.3c0 14.9-12 26.8-26.8 26.8-14.9 0-26.8-12-26.8-26.8s12-26.8 26.8-26.8 26.8 12 26.8 26.8zm76.1 27.2c-1.7-35.9-9.9-67.7-36.2-93.9-26.2-26.2-58-34.4-93.9-36.2-37-2.1-147.9-2.1-184.9 0-35.8 1.7-67.6 9.9-93.9 36.1s-34.4 58-36.2 93.9c-2.1 37-2.1 147.9 0 184.9 1.7 35.9 9.9 67.7 36.2 93.9s58 34.4 93.9 36.2c37 2.1 147.9 2.1 184.9 0 35.9-1.7 67.7-9.9 93.9-36.2 26.2-26.2 34.4-58 36.2-93.9 2.1-37 2.1-147.8 0-184.8zM398.8 388c-7.8 19.6-22.9 34.7-42.6 42.6-29.5 11.7-99.5 9-132.1 9s-102.7 2.6-132.1-9c-19.6-7.8-34.7-22.9-42.6-42.6-11.7-29.5-9-99.5-9-132.1s-2.6-102.7 9-132.1c7.8-19.6 22.9-34.7 42.6-42.6 29.5-11.7 99.5-9 132.1-9s102.7-2.6 132.1 9c19.6 7.8 34.7 22.9 42.6 42.6 11.7 29.5 9 99.5 9 132.1s2.7 102.7-9 132.1z\"><\/path><\/svg>\t\t\t\t\t<\/a>\n\t\t\t\t<\/span>\n\t\t\t\t\t<\/div>\n\t\t\t\t\t\t<\/div>\n\t\t\t\t<div class=\"elementor-element elementor-element-beca8b0 elementor-widget elementor-widget-text-editor\" data-id=\"beca8b0\" data-element_type=\"widget\" data-e-type=\"widget\" data-widget_type=\"text-editor.default\">\n\t\t\t\t\t\t\t\t\t<p><a href=\"https:\/\/lyceemermoz.edu.ar\/v5\/informacion-fiscal\/\"><img loading=\"lazy\" decoding=\"async\" class=\"alignnone wp-image-475 size-thumbnail\" src=\"https:\/\/lyceemermoz.edu.ar\/v5\/wp-content\/uploads\/DATAWEB1-110x150.jpg\" alt=\"\" width=\"110\" height=\"150\" srcset=\"https:\/\/lyceemermoz.edu.ar\/v5\/wp-content\/uploads\/DATAWEB1-110x150.jpg 110w, https:\/\/lyceemermoz.edu.ar\/v5\/wp-content\/uploads\/DATAWEB1-219x300.jpg 219w, https:\/\/lyceemermoz.edu.ar\/v5\/wp-content\/uploads\/DATAWEB1.jpg 239w\" sizes=\"(max-width: 110px) 100vw, 110px\" \/><\/a><br \/><a href=\"https:\/\/lyceemermoz.edu.ar\/v5\/informacion-fiscal\/\">Contribuyente exento en IVA<\/a><\/p>\t\t\t\t\t\t\t\t<\/div>\n\t\t\t\t\t<\/div>\n\t\t<\/div>\n\t\t\t\t\t<\/div>\n\t\t<\/section>\n\t\t\t\t<\/div>\n\t\t","protected":false},"excerpt":{"rendered":"<p>VIE SCOLAIRE Les missions de la Vie Scolaire Originalit\u00e9 du syst\u00e8me scolaire francais,\u00a0la Vie scolaire\u00a0prend en charge les \u00e9l\u00e8ves en[&#8230;]<\/p>\n","protected":false},"author":4,"featured_media":22310,"parent":1045,"menu_order":0,"comment_status":"closed","ping_status":"closed","template":"elementor_header_footer","meta":{"iawp_total_views":19,"footnotes":""},"class_list":["post-1297","page","type-page","status-publish","has-post-thumbnail","hentry"],"yoast_head":"<!-- This site is optimized with the Yoast SEO plugin v27.4 - https:\/\/yoast.com\/product\/yoast-seo-wordpress\/ -->\n<title>VIE SCOLAIRE - Lyc\u00e9e Franco-Argentin Jean Mermoz<\/title>\n<meta name=\"description\" content=\"El Liceo Franco-Argentino Jean mermoz es una escuela privada bilingue con pedagog\u00eda francesa de excelencia para una educaci\u00f3n laica e inclusiva.\" \/>\n<meta name=\"robots\" content=\"index, follow, max-snippet:-1, max-image-preview:large, max-video-preview:-1\" \/>\n<link rel=\"canonical\" href=\"https:\/\/lyceemermoz.edu.ar\/v5\/pedagogie\/secondaire\/vie-scolaire\/\" \/>\n<meta property=\"og:locale\" content=\"fr_FR\" \/>\n<meta property=\"og:type\" content=\"article\" \/>\n<meta property=\"og:title\" content=\"VIE SCOLAIRE - Lyc\u00e9e Franco-Argentin Jean Mermoz\" \/>\n<meta property=\"og:description\" content=\"El Liceo Franco-Argentino Jean mermoz es una escuela privada bilingue con pedagog\u00eda francesa de excelencia para una educaci\u00f3n laica e inclusiva.\" \/>\n<meta property=\"og:url\" content=\"https:\/\/lyceemermoz.edu.ar\/v5\/pedagogie\/secondaire\/vie-scolaire\/\" \/>\n<meta property=\"og:site_name\" content=\"Lyc\u00e9e Franco-Argentin Jean Mermoz\" \/>\n<meta property=\"article:modified_time\" content=\"2026-04-20T20:19:01+00:00\" \/>\n<meta property=\"og:image\" content=\"https:\/\/lyceemermoz.edu.ar\/v5\/wp-content\/uploads\/27.png\" \/>\n\t<meta property=\"og:image:width\" content=\"1920\" \/>\n\t<meta property=\"og:image:height\" content=\"480\" \/>\n\t<meta property=\"og:image:type\" content=\"image\/png\" \/>\n<meta name=\"twitter:card\" content=\"summary_large_image\" \/>\n<meta name=\"twitter:site\" content=\"@LJMBuenosAires\" \/>\n<meta name=\"twitter:label1\" content=\"Dur\u00e9e de lecture estim\u00e9e\" \/>\n\t<meta name=\"twitter:data1\" content=\"4 minutes\" \/>\n<script type=\"application\/ld+json\" class=\"yoast-schema-graph\">{\"@context\":\"https:\\\/\\\/schema.org\",\"@graph\":[{\"@type\":\"WebPage\",\"@id\":\"https:\\\/\\\/lyceemermoz.edu.ar\\\/v5\\\/pedagogie\\\/secondaire\\\/vie-scolaire\\\/\",\"url\":\"https:\\\/\\\/lyceemermoz.edu.ar\\\/v5\\\/pedagogie\\\/secondaire\\\/vie-scolaire\\\/\",\"name\":\"VIE SCOLAIRE - Lyc\u00e9e Franco-Argentin Jean Mermoz\",\"isPartOf\":{\"@id\":\"https:\\\/\\\/lyceemermoz.edu.ar\\\/v5\\\/#website\"},\"primaryImageOfPage\":{\"@id\":\"https:\\\/\\\/lyceemermoz.edu.ar\\\/v5\\\/pedagogie\\\/secondaire\\\/vie-scolaire\\\/#primaryimage\"},\"image\":{\"@id\":\"https:\\\/\\\/lyceemermoz.edu.ar\\\/v5\\\/pedagogie\\\/secondaire\\\/vie-scolaire\\\/#primaryimage\"},\"thumbnailUrl\":\"https:\\\/\\\/lyceemermoz.edu.ar\\\/v5\\\/wp-content\\\/uploads\\\/27.png\",\"datePublished\":\"2020-07-04T23:24:19+00:00\",\"dateModified\":\"2026-04-20T20:19:01+00:00\",\"description\":\"El Liceo Franco-Argentino Jean mermoz es una escuela privada bilingue con pedagog\u00eda francesa de excelencia para una educaci\u00f3n laica e inclusiva.\",\"breadcrumb\":{\"@id\":\"https:\\\/\\\/lyceemermoz.edu.ar\\\/v5\\\/pedagogie\\\/secondaire\\\/vie-scolaire\\\/#breadcrumb\"},\"inLanguage\":\"fr-FR\",\"potentialAction\":[{\"@type\":\"ReadAction\",\"target\":[\"https:\\\/\\\/lyceemermoz.edu.ar\\\/v5\\\/pedagogie\\\/secondaire\\\/vie-scolaire\\\/\"]}]},{\"@type\":\"ImageObject\",\"inLanguage\":\"fr-FR\",\"@id\":\"https:\\\/\\\/lyceemermoz.edu.ar\\\/v5\\\/pedagogie\\\/secondaire\\\/vie-scolaire\\\/#primaryimage\",\"url\":\"https:\\\/\\\/lyceemermoz.edu.ar\\\/v5\\\/wp-content\\\/uploads\\\/27.png\",\"contentUrl\":\"https:\\\/\\\/lyceemermoz.edu.ar\\\/v5\\\/wp-content\\\/uploads\\\/27.png\",\"width\":1920,\"height\":480,\"caption\":\"Secondaire\"},{\"@type\":\"BreadcrumbList\",\"@id\":\"https:\\\/\\\/lyceemermoz.edu.ar\\\/v5\\\/pedagogie\\\/secondaire\\\/vie-scolaire\\\/#breadcrumb\",\"itemListElement\":[{\"@type\":\"ListItem\",\"position\":1,\"name\":\"Accueil\",\"item\":\"https:\\\/\\\/lyceemermoz.edu.ar\\\/v5\\\/\"},{\"@type\":\"ListItem\",\"position\":2,\"name\":\"APPRENDRE\",\"item\":\"https:\\\/\\\/lyceemermoz.edu.ar\\\/v5\\\/pedagogie\\\/\"},{\"@type\":\"ListItem\",\"position\":3,\"name\":\"SECONDAIRE\",\"item\":\"https:\\\/\\\/lyceemermoz.edu.ar\\\/v5\\\/pedagogie\\\/secondaire\\\/\"},{\"@type\":\"ListItem\",\"position\":4,\"name\":\"VIE SCOLAIRE\"}]},{\"@type\":\"WebSite\",\"@id\":\"https:\\\/\\\/lyceemermoz.edu.ar\\\/v5\\\/#website\",\"url\":\"https:\\\/\\\/lyceemermoz.edu.ar\\\/v5\\\/\",\"name\":\"Lyc\u00e9e Franco-Argentin Jean Mermoz\",\"description\":\"Jean Mermoz, Buenos Aires\",\"publisher\":{\"@id\":\"https:\\\/\\\/lyceemermoz.edu.ar\\\/v5\\\/#organization\"},\"potentialAction\":[{\"@type\":\"SearchAction\",\"target\":{\"@type\":\"EntryPoint\",\"urlTemplate\":\"https:\\\/\\\/lyceemermoz.edu.ar\\\/v5\\\/?s={search_term_string}\"},\"query-input\":{\"@type\":\"PropertyValueSpecification\",\"valueRequired\":true,\"valueName\":\"search_term_string\"}}],\"inLanguage\":\"fr-FR\"},{\"@type\":\"Organization\",\"@id\":\"https:\\\/\\\/lyceemermoz.edu.ar\\\/v5\\\/#organization\",\"name\":\"Lyc\u00e9e Franco-Argentin Jean Mermoz - Liceo Franco-Argentino Jean Mermoz\",\"url\":\"https:\\\/\\\/lyceemermoz.edu.ar\\\/v5\\\/\",\"logo\":{\"@type\":\"ImageObject\",\"inLanguage\":\"fr-FR\",\"@id\":\"https:\\\/\\\/lyceemermoz.edu.ar\\\/v5\\\/#\\\/schema\\\/logo\\\/image\\\/\",\"url\":\"https:\\\/\\\/lyceemermoz.edu.ar\\\/v5\\\/wp-content\\\/uploads\\\/logoJM-scaled.jpg\",\"contentUrl\":\"https:\\\/\\\/lyceemermoz.edu.ar\\\/v5\\\/wp-content\\\/uploads\\\/logoJM-scaled.jpg\",\"width\":2560,\"height\":2560,\"caption\":\"Lyc\u00e9e Franco-Argentin Jean Mermoz - Liceo Franco-Argentino Jean Mermoz\"},\"image\":{\"@id\":\"https:\\\/\\\/lyceemermoz.edu.ar\\\/v5\\\/#\\\/schema\\\/logo\\\/image\\\/\"},\"sameAs\":[\"https:\\\/\\\/x.com\\\/LJMBuenosAires\",\"https:\\\/\\\/www.instagram.com\\\/ljmbuenosaires\\\/\"]}]}<\/script>\n<!-- \/ Yoast SEO plugin. -->","yoast_head_json":{"title":"VIE SCOLAIRE - Lyc\u00e9e Franco-Argentin Jean Mermoz","description":"El Liceo Franco-Argentino Jean mermoz es una escuela privada bilingue con pedagog\u00eda francesa de excelencia para una educaci\u00f3n laica e inclusiva.","robots":{"index":"index","follow":"follow","max-snippet":"max-snippet:-1","max-image-preview":"max-image-preview:large","max-video-preview":"max-video-preview:-1"},"canonical":"https:\/\/lyceemermoz.edu.ar\/v5\/pedagogie\/secondaire\/vie-scolaire\/","og_locale":"fr_FR","og_type":"article","og_title":"VIE SCOLAIRE - Lyc\u00e9e Franco-Argentin Jean Mermoz","og_description":"El Liceo Franco-Argentino Jean mermoz es una escuela privada bilingue con pedagog\u00eda francesa de excelencia para una educaci\u00f3n laica e inclusiva.","og_url":"https:\/\/lyceemermoz.edu.ar\/v5\/pedagogie\/secondaire\/vie-scolaire\/","og_site_name":"Lyc\u00e9e Franco-Argentin Jean Mermoz","article_modified_time":"2026-04-20T20:19:01+00:00","og_image":[{"width":1920,"height":480,"url":"https:\/\/lyceemermoz.edu.ar\/v5\/wp-content\/uploads\/27.png","type":"image\/png"}],"twitter_card":"summary_large_image","twitter_site":"@LJMBuenosAires","twitter_misc":{"Dur\u00e9e de lecture estim\u00e9e":"4 minutes"},"schema":{"@context":"https:\/\/schema.org","@graph":[{"@type":"WebPage","@id":"https:\/\/lyceemermoz.edu.ar\/v5\/pedagogie\/secondaire\/vie-scolaire\/","url":"https:\/\/lyceemermoz.edu.ar\/v5\/pedagogie\/secondaire\/vie-scolaire\/","name":"VIE SCOLAIRE - Lyc\u00e9e Franco-Argentin Jean Mermoz","isPartOf":{"@id":"https:\/\/lyceemermoz.edu.ar\/v5\/#website"},"primaryImageOfPage":{"@id":"https:\/\/lyceemermoz.edu.ar\/v5\/pedagogie\/secondaire\/vie-scolaire\/#primaryimage"},"image":{"@id":"https:\/\/lyceemermoz.edu.ar\/v5\/pedagogie\/secondaire\/vie-scolaire\/#primaryimage"},"thumbnailUrl":"https:\/\/lyceemermoz.edu.ar\/v5\/wp-content\/uploads\/27.png","datePublished":"2020-07-04T23:24:19+00:00","dateModified":"2026-04-20T20:19:01+00:00","description":"El Liceo Franco-Argentino Jean mermoz es una escuela privada bilingue con pedagog\u00eda francesa de excelencia para una educaci\u00f3n laica e inclusiva.","breadcrumb":{"@id":"https:\/\/lyceemermoz.edu.ar\/v5\/pedagogie\/secondaire\/vie-scolaire\/#breadcrumb"},"inLanguage":"fr-FR","potentialAction":[{"@type":"ReadAction","target":["https:\/\/lyceemermoz.edu.ar\/v5\/pedagogie\/secondaire\/vie-scolaire\/"]}]},{"@type":"ImageObject","inLanguage":"fr-FR","@id":"https:\/\/lyceemermoz.edu.ar\/v5\/pedagogie\/secondaire\/vie-scolaire\/#primaryimage","url":"https:\/\/lyceemermoz.edu.ar\/v5\/wp-content\/uploads\/27.png","contentUrl":"https:\/\/lyceemermoz.edu.ar\/v5\/wp-content\/uploads\/27.png","width":1920,"height":480,"caption":"Secondaire"},{"@type":"BreadcrumbList","@id":"https:\/\/lyceemermoz.edu.ar\/v5\/pedagogie\/secondaire\/vie-scolaire\/#breadcrumb","itemListElement":[{"@type":"ListItem","position":1,"name":"Accueil","item":"https:\/\/lyceemermoz.edu.ar\/v5\/"},{"@type":"ListItem","position":2,"name":"APPRENDRE","item":"https:\/\/lyceemermoz.edu.ar\/v5\/pedagogie\/"},{"@type":"ListItem","position":3,"name":"SECONDAIRE","item":"https:\/\/lyceemermoz.edu.ar\/v5\/pedagogie\/secondaire\/"},{"@type":"ListItem","position":4,"name":"VIE SCOLAIRE"}]},{"@type":"WebSite","@id":"https:\/\/lyceemermoz.edu.ar\/v5\/#website","url":"https:\/\/lyceemermoz.edu.ar\/v5\/","name":"Lyc\u00e9e Franco-Argentin Jean Mermoz","description":"Jean Mermoz, Buenos Aires","publisher":{"@id":"https:\/\/lyceemermoz.edu.ar\/v5\/#organization"},"potentialAction":[{"@type":"SearchAction","target":{"@type":"EntryPoint","urlTemplate":"https:\/\/lyceemermoz.edu.ar\/v5\/?s={search_term_string}"},"query-input":{"@type":"PropertyValueSpecification","valueRequired":true,"valueName":"search_term_string"}}],"inLanguage":"fr-FR"},{"@type":"Organization","@id":"https:\/\/lyceemermoz.edu.ar\/v5\/#organization","name":"Lyc\u00e9e Franco-Argentin Jean Mermoz - Liceo Franco-Argentino Jean Mermoz","url":"https:\/\/lyceemermoz.edu.ar\/v5\/","logo":{"@type":"ImageObject","inLanguage":"fr-FR","@id":"https:\/\/lyceemermoz.edu.ar\/v5\/#\/schema\/logo\/image\/","url":"https:\/\/lyceemermoz.edu.ar\/v5\/wp-content\/uploads\/logoJM-scaled.jpg","contentUrl":"https:\/\/lyceemermoz.edu.ar\/v5\/wp-content\/uploads\/logoJM-scaled.jpg","width":2560,"height":2560,"caption":"Lyc\u00e9e Franco-Argentin Jean Mermoz - Liceo Franco-Argentino Jean Mermoz"},"image":{"@id":"https:\/\/lyceemermoz.edu.ar\/v5\/#\/schema\/logo\/image\/"},"sameAs":["https:\/\/x.com\/LJMBuenosAires","https:\/\/www.instagram.com\/ljmbuenosaires\/"]}]}},"_links":{"self":[{"href":"https:\/\/lyceemermoz.edu.ar\/v5\/wp-json\/wp\/v2\/pages\/1297","targetHints":{"allow":["GET"]}}],"collection":[{"href":"https:\/\/lyceemermoz.edu.ar\/v5\/wp-json\/wp\/v2\/pages"}],"about":[{"href":"https:\/\/lyceemermoz.edu.ar\/v5\/wp-json\/wp\/v2\/types\/page"}],"author":[{"embeddable":true,"href":"https:\/\/lyceemermoz.edu.ar\/v5\/wp-json\/wp\/v2\/users\/4"}],"replies":[{"embeddable":true,"href":"https:\/\/lyceemermoz.edu.ar\/v5\/wp-json\/wp\/v2\/comments?post=1297"}],"version-history":[{"count":28,"href":"https:\/\/lyceemermoz.edu.ar\/v5\/wp-json\/wp\/v2\/pages\/1297\/revisions"}],"predecessor-version":[{"id":36383,"href":"https:\/\/lyceemermoz.edu.ar\/v5\/wp-json\/wp\/v2\/pages\/1297\/revisions\/36383"}],"up":[{"embeddable":true,"href":"https:\/\/lyceemermoz.edu.ar\/v5\/wp-json\/wp\/v2\/pages\/1045"}],"wp:featuredmedia":[{"embeddable":true,"href":"https:\/\/lyceemermoz.edu.ar\/v5\/wp-json\/wp\/v2\/media\/22310"}],"wp:attachment":[{"href":"https:\/\/lyceemermoz.edu.ar\/v5\/wp-json\/wp\/v2\/media?parent=1297"}],"curies":[{"name":"wp","href":"https:\/\/api.w.org\/{rel}","templated":true}]}}